{"id":96,"date":"2015-11-20T18:49:29","date_gmt":"2015-11-20T17:49:29","guid":{"rendered":"http:\/\/test.ricanek.cz\/?page_id=96"},"modified":"2022-08-03T09:42:11","modified_gmt":"2022-08-03T08:42:11","slug":"sponzori","status":"publish","type":"page","link":"http:\/\/partas.smecno.eu\/?page_id=96","title":{"rendered":"SPONZO\u0158I"},"content":{"rendered":"<p><span style=\"text-decoration: underline; color: #ff0000;\"><span style=\"font-size: 12pt;\">hlavn\u00ed:<\/span><\/span><\/p>\n<p><span style=\"font-size: 18pt;\"><strong>M\u011bsto Sme\u010dno \u00a0 \u00a0 \u00a0 \u00a0 \u00a0 \u00a0 \u00a0 \u00a0 \u00a0 \u00a0 \u00a0 \u00a0 \u00a0 \u00a0 \u00a0<\/strong><strong>Skv\u011bl\u00fd NET\u00a0 \u00a0 \u00a0 \u00a0 \u00a0 \u00a0 \u00a0 \u00a0 \u00a0 \u00a0 \u00a0 \u00a0\u00a0<\/strong><\/span><\/p>\n<p><a href=\"http:\/\/partas.smecno.eu\/wp-content\/uploads\/2015\/11\/logo-smecno-e1480437688108.jpg\"><img loading=\"lazy\" decoding=\"async\" class=\"alignnone size-full wp-image-247\" src=\"http:\/\/partas.smecno.eu\/wp-content\/uploads\/2015\/11\/logo-smecno-e1480437688108.jpg\" alt=\"\" width=\"90\" height=\"104\" \/><\/a>\u00a0 \u00a0 \u00a0 \u00a0 \u00a0 \u00a0 \u00a0 \u00a0 \u00a0 \u00a0 \u00a0 \u00a0 \u00a0 \u00a0 \u00a0 \u00a0 \u00a0 \u00a0 \u00a0 \u00a0 \u00a0 \u00a0 \u00a0 \u00a0 \u00a0 \u00a0 \u00a0 \u00a0 \u00a0<a href=\"http:\/\/partas.smecno.eu\/wp-content\/uploads\/2015\/11\/logo-skvelynet-e1480437712455.png\"><img loading=\"lazy\" decoding=\"async\" class=\"size-full wp-image-246 alignnone\" src=\"http:\/\/partas.smecno.eu\/wp-content\/uploads\/2015\/11\/logo-skvelynet-e1480437712455.png\" alt=\"\" width=\"200\" height=\"87\" \/><\/a><\/p>\n<p style=\"text-align: justify;\"><span style=\"font-family: arial, helvetica, sans-serif; font-size: 14pt;\"><span style=\"text-decoration: underline;\"><strong>D\u011bkujeme<\/strong><\/span> b\u00fdval\u00fdm zastupitel\u016fm panu <strong>Bc. Radkovi Najmanovi<\/strong> a panu <strong>Karlovi Podrack\u00e9mu<\/strong>,<br \/>\n\u017ee n\u00e1m v minulosti p\u0159isp\u00edvali svoj\u00ed odm\u011bnou zastupitele m\u011bsta Sme\u010dna na n\u00e1\u0161 transparentn\u00ed \u00fa\u010det!<br \/>\nOba p\u0159isp\u00edvali svoj\u00ed odm\u011bnou ve v\u00fd\u0161i <strong><span style=\"text-decoration: underline;\">467 K\u010d m\u011bs\u00ed\u010dn\u011b<\/span><\/strong>. <span style=\"text-decoration: underline;\">D\u011aKUJEME !<\/span><\/span><\/p>\n<p><span style=\"text-decoration: underline; font-size: 12pt; color: #ff0000;\">ostatn\u00ed:<\/span><\/p>\n<p><span style=\"font-size: 12pt;\"><strong>Dru\u017estvo Jednota Kladno \u00a0 \u00a0TOI TOI sanit\u00e1rn\u00ed syst\u00e9my Slan\u00fd, s.r.o. \u00a0 \u00a0Pe\u0161aut &#8211; mont\u00e1\u017ee kabel\u016f, s.r.o.<\/strong><\/span><\/p>\n<p><span style=\"font-size: 12pt;\"><strong>\u00a0 \u00a0\u00a0<a href=\"http:\/\/partas.smecno.eu\/wp-content\/uploads\/2016\/11\/logo-Coop.png\"><img loading=\"lazy\" decoding=\"async\" class=\"alignnone size-full wp-image-769\" src=\"http:\/\/partas.smecno.eu\/wp-content\/uploads\/2016\/11\/logo-Coop.png\" alt=\"\" width=\"138\" height=\"61\" \/><\/a>\u00a0 \u00a0 \u00a0 \u00a0 \u00a0 \u00a0 \u00a0 \u00a0 \u00a0 \u00a0 \u00a0 \u00a0 \u00a0 \u00a0\u00a0<a href=\"http:\/\/partas.smecno.eu\/wp-content\/uploads\/2016\/11\/logo-toi-toi.png\"><img loading=\"lazy\" decoding=\"async\" class=\"alignnone wp-image-772\" src=\"http:\/\/partas.smecno.eu\/wp-content\/uploads\/2016\/11\/logo-toi-toi.png\" alt=\"\" width=\"65\" height=\"76\" \/><\/a>\u00a0 \u00a0 \u00a0 \u00a0 \u00a0 \u00a0 \u00a0 \u00a0 \u00a0 \u00a0 \u00a0 \u00a0 \u00a0 \u00a0 \u00a0\u00a0<a href=\"http:\/\/partas.smecno.eu\/wp-content\/uploads\/2016\/11\/logo-pe\u0161aut.gif\"><img loading=\"lazy\" decoding=\"async\" class=\"alignnone size-full wp-image-770\" src=\"http:\/\/partas.smecno.eu\/wp-content\/uploads\/2016\/11\/logo-pe\u0161aut.gif\" alt=\"\" width=\"232\" height=\"58\" \/><\/a><\/strong><\/span><\/p>\n<p><strong><span style=\"font-size: 14pt;\">\u00a0 \u00a0 \u00a0 \u00a0 \u00a0 \u00a0\u00a0 \u00a0 \u00a0 Petr Doubek &#8211; st\u0159echy<\/span><\/strong><\/p>\n<p><span style=\"font-size: 12pt;\"><strong><a href=\"http:\/\/partas.smecno.eu\/wp-content\/uploads\/2016\/11\/logo-doubek.gif\"><img loading=\"lazy\" decoding=\"async\" class=\"alignnone wp-image-771\" src=\"http:\/\/partas.smecno.eu\/wp-content\/uploads\/2016\/11\/logo-doubek-300x51.gif\" alt=\"\" width=\"388\" height=\"66\" srcset=\"http:\/\/partas.smecno.eu\/wp-content\/uploads\/2016\/11\/logo-doubek-300x51.gif 300w, http:\/\/partas.smecno.eu\/wp-content\/uploads\/2016\/11\/logo-doubek-600x103.gif 600w\" sizes=\"auto, (max-width: 388px) 100vw, 388px\" \/><\/a><\/strong><\/span><\/p>\n<p><span style=\"font-size: 12pt;\"><strong>Burda &#8211; Hra\u010dky Slan\u00fd, \u00a0\u00a0<\/strong><\/span><span style=\"font-size: 12pt;\"><strong>Ing. Ji\u0159\u00ed Hv\u011bzda &#8211; hra\u010dky Sme\u010dno<\/strong><\/span><\/p>\n<p><span style=\"font-size: 12pt;\"><strong>L\u00e9k\u00e1rna MEDINA Sme\u010dno &#8211; PharmDr. Zde\u0148ka Niedobov\u00e1<\/strong><\/span><\/p>\n","protected":false},"excerpt":{"rendered":"<p>hlavn\u00ed: M\u011bsto Sme\u010dno \u00a0 \u00a0 \u00a0 \u00a0 \u00a0 \u00a0 \u00a0 \u00a0 \u00a0 \u00a0 \u00a0 \u00a0 \u00a0 \u00a0 \u00a0Skv\u011bl\u00fd NET\u00a0 \u00a0 \u00a0 \u00a0 \u00a0 \u00a0 \u00a0 \u00a0 \u00a0 \u00a0 \u00a0 \u00a0\u00a0 \u00a0 \u00a0 \u00a0 \u00a0 \u00a0 \u00a0 \u00a0 \u00a0 \u00a0 \u00a0 \u00a0 \u00a0 \u00a0 \u00a0 \u00a0 \u00a0 \u00a0 \u00a0 \u00a0 \u00a0 \u00a0 \u00a0 \u00a0 \u00a0 \u00a0 &hellip; <\/p>\n<p><a class=\"more-link btn\" href=\"http:\/\/partas.smecno.eu\/?page_id=96\">Pokra\u010dovat ve \u010dten\u00ed<\/a><\/p>\n","protected":false},"author":1,"featured_media":0,"parent":0,"menu_order":0,"comment_status":"closed","ping_status":"closed","template":"","meta":{"footnotes":""},"class_list":["post-96","page","type-page","status-publish","hentry","nodate","item-wrap"],"aioseo_notices":[],"_links":{"self":[{"href":"http:\/\/partas.smecno.eu\/index.php?rest_route=\/wp\/v2\/pages\/96","targetHints":{"allow":["GET"]}}],"collection":[{"href":"http:\/\/partas.smecno.eu\/index.php?rest_route=\/wp\/v2\/pages"}],"about":[{"href":"http:\/\/partas.smecno.eu\/index.php?rest_route=\/wp\/v2\/types\/page"}],"author":[{"embeddable":true,"href":"http:\/\/partas.smecno.eu\/index.php?rest_route=\/wp\/v2\/users\/1"}],"replies":[{"embeddable":true,"href":"http:\/\/partas.smecno.eu\/index.php?rest_route=%2Fwp%2Fv2%2Fcomments&post=96"}],"version-history":[{"count":10,"href":"http:\/\/partas.smecno.eu\/index.php?rest_route=\/wp\/v2\/pages\/96\/revisions"}],"predecessor-version":[{"id":3217,"href":"http:\/\/partas.smecno.eu\/index.php?rest_route=\/wp\/v2\/pages\/96\/revisions\/3217"}],"wp:attachment":[{"href":"http:\/\/partas.smecno.eu\/index.php?rest_route=%2Fwp%2Fv2%2Fmedia&parent=96"}],"curies":[{"name":"wp","href":"https:\/\/api.w.org\/{rel}","templated":true}]}}